{"id":121,"date":"2015-04-21T13:36:04","date_gmt":"2015-04-21T13:36:04","guid":{"rendered":"http:\/\/ruchetoulousaine.fr\/laruche\/?page_id=121"},"modified":"2025-12-19T12:08:46","modified_gmt":"2025-12-19T12:08:46","slug":"tarifs","status":"publish","type":"page","link":"https:\/\/ruchetoulousaine.fr\/laruche\/tarifs\/","title":{"rendered":"Tarifs"},"content":{"rendered":"\n<div class=\"wp-block-group is-nowrap is-layout-flex wp-container-core-group-is-layout-ad2f72ca wp-block-group-is-layout-flex\"><div class=\"wp-block-image\">\n<figure class=\"aligncenter\"><a href=\"http:\/\/ruchetoulousaine.fr\/laruche\/wp-content\/uploads\/2015\/03\/cropped-logo.jpg\"><img loading=\"lazy\" decoding=\"async\" width=\"300\" height=\"92\" src=\"http:\/\/ruchetoulousaine.fr\/laruche\/wp-content\/uploads\/2015\/03\/cropped-logo-300x92.jpg\" alt=\"cropped-logo.jpg\" class=\"wp-image-83\" srcset=\"https:\/\/ruchetoulousaine.fr\/laruche\/wp-content\/uploads\/2015\/03\/cropped-logo-300x92.jpg 300w, https:\/\/ruchetoulousaine.fr\/laruche\/wp-content\/uploads\/2015\/03\/cropped-logo.jpg 392w\" sizes=\"auto, (max-width: 300px) 100vw, 300px\" \/><\/a><\/figure><\/div>\n\n\n<p><a href=\"https:\/\/ruchetoulousaine.fr\/laruche\/tarifs\/\" target=\"_blank\" rel=\"noreferrer noopener\"><\/a><\/p>\n<\/div>\n\n\n\n<figure class=\"wp-block-table aligncenter\"><table><tbody><tr><td class=\"has-text-align-center\" data-align=\"center\">Avec l\u2019<strong>Avance imm\u00e9diate de l\u2019Urssaf, <\/strong>un service optionnel et gratuit, <br><strong>d\u00e9duisez imm\u00e9diatement<\/strong> votre <strong>cr\u00e9dit d\u2019imp\u00f4t de 50 %<\/strong> lors du paiement de votre facture.<br>Rapprochez-vous de nos \u00e9quipes au 05 62 18 55 29 pour plus d\u2019informations<\/td><\/tr><\/tbody><\/table><\/figure>\n\n\n\n<h4 class=\"wp-block-heading\"><strong><span style=\"text-decoration: underline;\">Tarifs M\u00e9nage et repassage<\/span> <\/strong><\/h4>\n\n\n\n<h4 class=\"wp-block-heading\">Co\u00fbt horaire : <span style=\"font-family: Oswald, sans-serif; font-size: 18px; font-weight: 300;\"><strong>29 <\/strong>\u20ac TTC, soit 26.36 \u20ac HT, soit 14.50 \u20ac apr\u00e8s r\u00e9duction d\u2019imp\u00f4ts*.<\/span><strong><strong>&nbsp;<\/strong><\/strong><\/h4>\n\n\n\n<h4 class=\"wp-block-heading\"><strong><span style=\"text-decoration: underline;\">Tarifs Garde d&rsquo;enfants**<\/span><\/strong><\/h4>\n\n\n\n<h4 class=\"wp-block-heading\">Co\u00fbt horaire : <span style=\"font-family: Oswald, sans-serif; font-size: 18px; font-weight: 300;\"><strong>29 <\/strong>\u20ac TTC, soit 26.36 \u20ac HT, soit 14.50 \u20ac apr\u00e8s r\u00e9duction d\u2019imp\u00f4ts*.<\/span><strong>&nbsp;<\/strong><\/h4>\n\n\n\n<h4 class=\"wp-block-heading\"><strong><span style=\"text-decoration: underline;\">Tarifs aide aux seniors***<\/span><\/strong><\/h4>\n\n\n\n<h4 class=\"wp-block-heading\"><strong>Co\u00fbt horaire : <\/strong>29 <strong>\u20ac TTC<\/strong>, <strong>soit 27.49 \u20ac HT, soit 14.50 \u20ac apr\u00e8s r\u00e9duction d\u2019imp\u00f4ts*.<\/strong><\/h4>\n\n\n\n<h4 class=\"wp-block-heading\"><span style=\"color: #000000;\"><strong><span style=\"text-decoration: underline;\">Tous nos tarifs&nbsp;sont sans frais suppl\u00e9mentaires !<\/span><\/strong><\/span><\/h4>\n\n\n\n<ul class=\"wp-block-list\">\n<li><strong><span style=\"text-decoration: underline;\">Pas de frais de gestion, ni frais d&rsquo;adh\u00e9sion.<\/span><\/strong><\/li>\n\n\n\n<li><strong><span style=\"text-decoration: underline;\">Ch\u00e8ques Emploi Service Universel (CESU) accept\u00e9s&nbsp;sans frais.<\/span><\/strong><\/li>\n<\/ul>\n\n\n\n<p>Nos conditions :<\/p>\n\n\n\n<ul class=\"wp-block-list\">\n<li>Dur\u00e9e minimale de 2 heures, sauf garde d&rsquo;enfants et aide aux seniors (nous consulter).<\/li>\n\n\n\n<li>Pour les prestations r\u00e9guli\u00e8res, la facturation se fait en fin de mois.<\/li>\n\n\n\n<li>Au d\u00e9but de chaque ann\u00e9e, nous vous adressons un justificatif fiscal pour effectuer votre d\u00e9claration de revenus.<\/li>\n\n\n\n<li>Chaque fin de mois vous recevez une facture qui reprend les heures r\u00e9ellement effectu\u00e9es. Vous \u00eates pr\u00e9lev\u00e9 automatiquement 2 jours apr\u00e8s.<\/li>\n\n\n\n<li>Le vendeur remet gratuitement un devis personnalis\u00e9 au consommateur \u00e0 qui il propose une prestation ou un ensemble de prestations don le prix total est sup\u00e9rieur ou \u00e9gal \u00e0 100\u20ac TTC ou au consommateur qui lui en fait la demande.<\/li>\n\n\n\n<li>R\u00e9siliation avec un pr\u00e9avis de 1 mois.<\/li>\n<\/ul>\n\n\n\n<p class=\"has-small-font-size\">* <kbd>50% de r\u00e9duction ou cr\u00e9dit d'imp\u00f4ts, selon les conditions de l'art.199 sexdecies du CGI<\/kbd><\/p>\n\n\n\n<p class=\"has-small-font-size\">** La paje : notre agence est r\u00e9f\u00e9renc\u00e9e aupr\u00e8s de la CAF, si l&rsquo;un de vos enfants \u00e0 moins de 6 ans, vous pourrez en b\u00e9n\u00e9ficier. (nous consulter)<\/p>\n\n\n\n<p><\/p>\n","protected":false},"excerpt":{"rendered":"<p>Avec l\u2019Avance imm\u00e9diate de l\u2019Urssaf, un service optionnel et gratuit, d\u00e9duisez imm\u00e9diatement votre cr\u00e9dit d\u2019imp\u00f4t de 50 % lors du paiement de votre facture.Rapprochez-vous de nos \u00e9quipes au 05 62 18 55 29 pour plus d\u2019informations Tarifs M\u00e9nage et repassage Co\u00fbt horaire : 29 \u20ac TTC, soit 26.36 \u20ac HT, &#8230;<\/p>\n","protected":false},"author":1,"featured_media":0,"parent":0,"menu_order":0,"comment_status":"closed","ping_status":"open","template":"","meta":{"footnotes":""},"class_list":["post-121","page","type-page","status-publish","hentry","column","threecol"],"yoast_head":"<!-- This site is optimized with the Yoast SEO plugin v26.0 - https:\/\/yoast.com\/wordpress\/plugins\/seo\/ -->\n<title>Tarif m\u00e9nage garde d&#039;enfants aide aux personnes \u00e2g\u00e9es<\/title>\n<meta name=\"description\" content=\"Tarif m\u00e9nage, garde d&#039;enfants de + de 3 ans, aide aux personnes \u00e2g\u00e9es\" \/>\n<meta name=\"robots\" content=\"index, follow, max-snippet:-1, max-image-preview:large, max-video-preview:-1\" \/>\n<link rel=\"canonical\" href=\"https:\/\/ruchetoulousaine.fr\/laruche\/tarifs\/\" \/>\n<meta property=\"og:locale\" content=\"fr_FR\" \/>\n<meta property=\"og:type\" content=\"article\" \/>\n<meta property=\"og:title\" content=\"Tarif m\u00e9nage garde d&#039;enfants aide aux personnes \u00e2g\u00e9es\" \/>\n<meta property=\"og:description\" content=\"Tarif m\u00e9nage, garde d&#039;enfants de + de 3 ans, aide aux personnes \u00e2g\u00e9es\" \/>\n<meta property=\"og:url\" content=\"https:\/\/ruchetoulousaine.fr\/laruche\/tarifs\/\" \/>\n<meta property=\"article:publisher\" content=\"https:\/\/www.facebook.com\/laruchetoulousaine\" \/>\n<meta property=\"article:modified_time\" content=\"2025-12-19T12:08:46+00:00\" \/>\n<meta property=\"og:image\" content=\"https:\/\/ruchetoulousaine.fr\/laruche\/wp-content\/uploads\/2015\/03\/cropped-logo.jpg\" \/>\n\t<meta property=\"og:image:width\" content=\"392\" \/>\n\t<meta property=\"og:image:height\" content=\"121\" \/>\n\t<meta property=\"og:image:type\" content=\"image\/jpeg\" \/>\n<meta name=\"twitter:card\" content=\"summary_large_image\" \/>\n<meta name=\"twitter:label1\" content=\"Dur\u00e9e de lecture estim\u00e9e\" \/>\n\t<meta name=\"twitter:data1\" content=\"2 minutes\" \/>\n<!-- \/ Yoast SEO plugin. -->","yoast_head_json":{"title":"Tarif m\u00e9nage garde d'enfants aide aux personnes \u00e2g\u00e9es","description":"Tarif m\u00e9nage, garde d'enfants de + de 3 ans, aide aux personnes \u00e2g\u00e9es","robots":{"index":"index","follow":"follow","max-snippet":"max-snippet:-1","max-image-preview":"max-image-preview:large","max-video-preview":"max-video-preview:-1"},"canonical":"https:\/\/ruchetoulousaine.fr\/laruche\/tarifs\/","og_locale":"fr_FR","og_type":"article","og_title":"Tarif m\u00e9nage garde d'enfants aide aux personnes \u00e2g\u00e9es","og_description":"Tarif m\u00e9nage, garde d'enfants de + de 3 ans, aide aux personnes \u00e2g\u00e9es","og_url":"https:\/\/ruchetoulousaine.fr\/laruche\/tarifs\/","article_publisher":"https:\/\/www.facebook.com\/laruchetoulousaine","article_modified_time":"2025-12-19T12:08:46+00:00","og_image":[{"width":392,"height":121,"url":"https:\/\/ruchetoulousaine.fr\/laruche\/wp-content\/uploads\/2015\/03\/cropped-logo.jpg","type":"image\/jpeg"}],"twitter_card":"summary_large_image","twitter_misc":{"Dur\u00e9e de lecture estim\u00e9e":"2 minutes"},"schema":{"@context":"https:\/\/schema.org","@graph":[{"@type":"WebPage","@id":"https:\/\/ruchetoulousaine.fr\/laruche\/tarifs\/","url":"https:\/\/ruchetoulousaine.fr\/laruche\/tarifs\/","name":"Tarif m\u00e9nage garde d'enfants aide aux personnes \u00e2g\u00e9es","isPartOf":{"@id":"https:\/\/ruchetoulousaine.fr\/laruche\/#website"},"primaryImageOfPage":{"@id":"https:\/\/ruchetoulousaine.fr\/laruche\/tarifs\/#primaryimage"},"image":{"@id":"https:\/\/ruchetoulousaine.fr\/laruche\/tarifs\/#primaryimage"},"thumbnailUrl":"http:\/\/ruchetoulousaine.fr\/laruche\/wp-content\/uploads\/2015\/03\/cropped-logo-300x92.jpg","datePublished":"2015-04-21T13:36:04+00:00","dateModified":"2025-12-19T12:08:46+00:00","description":"Tarif m\u00e9nage, garde d'enfants de + de 3 ans, aide aux personnes \u00e2g\u00e9es","breadcrumb":{"@id":"https:\/\/ruchetoulousaine.fr\/laruche\/tarifs\/#breadcrumb"},"inLanguage":"fr-FR","potentialAction":[{"@type":"ReadAction","target":["https:\/\/ruchetoulousaine.fr\/laruche\/tarifs\/"]}]},{"@type":"ImageObject","inLanguage":"fr-FR","@id":"https:\/\/ruchetoulousaine.fr\/laruche\/tarifs\/#primaryimage","url":"http:\/\/ruchetoulousaine.fr\/laruche\/wp-content\/uploads\/2015\/03\/cropped-logo-300x92.jpg","contentUrl":"http:\/\/ruchetoulousaine.fr\/laruche\/wp-content\/uploads\/2015\/03\/cropped-logo-300x92.jpg"},{"@type":"BreadcrumbList","@id":"https:\/\/ruchetoulousaine.fr\/laruche\/tarifs\/#breadcrumb","itemListElement":[{"@type":"ListItem","position":1,"name":"Accueil","item":"https:\/\/ruchetoulousaine.fr\/laruche\/"},{"@type":"ListItem","position":2,"name":"Tarifs"}]},{"@type":"WebSite","@id":"https:\/\/ruchetoulousaine.fr\/laruche\/#website","url":"https:\/\/ruchetoulousaine.fr\/laruche\/","name":"https:\/\/ruchetoulousaine.fr\/","description":"","publisher":{"@id":"https:\/\/ruchetoulousaine.fr\/laruche\/#organization"},"potentialAction":[{"@type":"SearchAction","target":{"@type":"EntryPoint","urlTemplate":"https:\/\/ruchetoulousaine.fr\/laruche\/?s={search_term_string}"},"query-input":{"@type":"PropertyValueSpecification","valueRequired":true,"valueName":"search_term_string"}}],"inLanguage":"fr-FR"},{"@type":"Organization","@id":"https:\/\/ruchetoulousaine.fr\/laruche\/#organization","name":"La Ruche Toulousaine","url":"https:\/\/ruchetoulousaine.fr\/laruche\/","logo":{"@type":"ImageObject","inLanguage":"fr-FR","@id":"https:\/\/ruchetoulousaine.fr\/laruche\/#\/schema\/logo\/image\/","url":"https:\/\/ruchetoulousaine.fr\/laruche\/wp-content\/uploads\/2015\/02\/laruche_logo.jpg","contentUrl":"https:\/\/ruchetoulousaine.fr\/laruche\/wp-content\/uploads\/2015\/02\/laruche_logo.jpg","width":425,"height":157,"caption":"La Ruche Toulousaine"},"image":{"@id":"https:\/\/ruchetoulousaine.fr\/laruche\/#\/schema\/logo\/image\/"},"sameAs":["https:\/\/www.facebook.com\/laruchetoulousaine"]}]}},"_links":{"self":[{"href":"https:\/\/ruchetoulousaine.fr\/laruche\/wp-json\/wp\/v2\/pages\/121","targetHints":{"allow":["GET"]}}],"collection":[{"href":"https:\/\/ruchetoulousaine.fr\/laruche\/wp-json\/wp\/v2\/pages"}],"about":[{"href":"https:\/\/ruchetoulousaine.fr\/laruche\/wp-json\/wp\/v2\/types\/page"}],"author":[{"embeddable":true,"href":"https:\/\/ruchetoulousaine.fr\/laruche\/wp-json\/wp\/v2\/users\/1"}],"replies":[{"embeddable":true,"href":"https:\/\/ruchetoulousaine.fr\/laruche\/wp-json\/wp\/v2\/comments?post=121"}],"version-history":[{"count":98,"href":"https:\/\/ruchetoulousaine.fr\/laruche\/wp-json\/wp\/v2\/pages\/121\/revisions"}],"predecessor-version":[{"id":1429,"href":"https:\/\/ruchetoulousaine.fr\/laruche\/wp-json\/wp\/v2\/pages\/121\/revisions\/1429"}],"wp:attachment":[{"href":"https:\/\/ruchetoulousaine.fr\/laruche\/wp-json\/wp\/v2\/media?parent=121"}],"curies":[{"name":"wp","href":"https:\/\/api.w.org\/{rel}","templated":true}]}}